{"id":8,"date":"2018-10-16T13:39:28","date_gmt":"2018-10-16T11:39:28","guid":{"rendered":"http:\/\/157.230.103.74\/?page_id=8"},"modified":"2026-01-22T13:29:15","modified_gmt":"2026-01-22T12:29:15","slug":"home","status":"publish","type":"page","link":"https:\/\/klemmrae.at\/en\/","title":{"rendered":"Home"},"content":{"rendered":"<div id=\"cs-content\" class=\"cs-content\" >\n<div class=\"e8-1 x-section tablet-stretch\" id=\"intro-header\" >\n      \n<div class=\"e8-2 x-container marginless-columns\" >\n    \n<div class=\"e8-3 x-column x-sm x-1-1\" >\n    \n<span class=\"e8-4 x-image  x-hide-md x-hide-sm x-hide-xs\" >\n  <img alt=\"Klemm Rechtsanwalts GmbH\" src=\"https:\/\/klemmrae.at\/wp-content\/uploads\/2025\/08\/Klemm-Koutny-Logo-RGB.png\" width=\"640\" height=\"282\" >\n<\/span>\n\n<div class=\"e8-5 x-text\" id=\"intro-statement\" >\n  <h1>Your Legal Office for&nbsp;<br \/>Commercial and Company Law<br \/>in Vienna.<\/h1><\/div>\n\n<a class=\"e8-6 x-anchor x-anchor-button custom-btn\" tabindex=\"0\" href=\"#services\" >\n\n  \n  <div class=\"x-anchor-content\">\n    \n<span class=\"x-graphic\" aria-hidden=\"true\" >\n\n  \n<span class=\"e8-6 x-image x-graphic-image x-graphic-primary\" >\n  <img alt=\"Image\" src=\"https:\/\/klemmrae.at\/wp-content\/uploads\/2019\/04\/arrow_right.png\" width=\"44\" height=\"78\" >\n<\/span>\n\n<\/span>\n    <div class=\"x-anchor-text\"><span class=\"x-anchor-text-primary\" > OUR AREAS OF EXPERTISE<\/span><\/div>      <\/div>\n\n    \n  \n<\/a>\n<\/div>\n<\/div>\n  <\/div>\n\n<div class=\"e8-7 x-section\" id=\"aboutus-section\" >\n    \n<div class=\"x-bg\" aria-hidden=\"true\" >\n  <div class=\"x-bg-layer-lower-image\" style=\" background-image: url(https:\/\/klemmrae.at\/wp-content\/uploads\/2019\/04\/pen.png); background-repeat: no-repeat; background-position: right bottom; background-size: auto;\" ><\/div>  <\/div>\n  \n<div class=\"e8-8 x-container max width marginless-columns\" >\n    \n<div class=\"e8-9 x-column x-sm x-1-3\" >\n    \n<div class=\"e8-10 x-text\" >\n  <h2 class=\"alternate-headline\"> ABOUT US <\/h3><\/div>\n<\/div>\n\n<div class=\"e8-11 x-column x-sm x-1-2\" >\n    \n<div class=\"e8-12 x-text\" >\n  <h2>For more than 25 years, our full-service law firm has been dedicated to delivering legal advice and representation of the highest quality, as well as related services, in the best interest of our clients.<\/h2><\/div>\n<\/div>\n\n<div class=\"e8-13 x-column x-sm x-1-6\" >\n    &nbsp;<\/div>\n<\/div>\n\n<div class=\"e8-14 x-container max width marginless-columns\" >\n    \n<div class=\"e8-15 x-column x-sm x-1-2 aboutus-buttons\" >\n    \n<div class=\"e8-16 x-text\" >\n  <a href=\"#motto\" class=\"about-button\"> WHAT WE STAND FOR <\/a><\/div>\n\n<div class=\"e8-17 x-text\" >\n  <a href=\"https:\/\/klemmrae.at\/en\/ueber-uns\/\" class=\"about-button\"> OUR CLIENTS <\/a><\/div>\n<\/div>\n\n<div class=\"e8-18 x-column x-sm x-1-2\" >\n    &nbsp;<\/div>\n<\/div>\n  <\/div>\n\n<div class=\"e8-19 x-section\" id=\"services\" >\n      \n<div class=\"e8-20 x-container max width\" >\n    \n<div class=\"e8-21 x-column x-sm x-1-2\" >\n    \n<div class=\"e8-22 x-text\" >\n  <h2 class=\"alternate-headline\"> EXPERTISE<\/h3><\/div>\n\n<div class=\"e8-23 x-text\" >\n  <h2>We consult  and represent with a broad and colorful spectrum of  the business and corporate law. \nThe scope of our main activies is:<\/h2><\/div>\n<\/div>\n\n<div class=\"e8-24 x-column x-sm x-1-2 service-column\" id=\"column-gesundheit\" >\n    \n<div class=\"e8-25 x-text\" >\n  <h3>01<\/h3><\/div>\n\n<div class=\"e8-26 x-text\" >\n  HEALTHCARE<\/div>\n\n<span class=\"e8-27 x-image\" >\n  <img alt=\"Gesundheitswesen\" src=\"https:\/\/klemmrae.at\/wp-content\/uploads\/2019\/04\/gesundheitswesen.jpg\" width=\"856\" height=\"407\" >\n<\/span>\n<\/div>\n<\/div>\n\n<div class=\"e8-28 x-container max width\" >\n    \n<div class=\"e8-29 x-column x-sm x-1-2 service-column\" id=\"column-pharma\" >\n    \n<div class=\"e8-30 x-text\" >\n  <h3>02<\/h3><\/div>\n\n<div class=\"e8-31 x-text\" >\n  PHARMACEUTICALS AND LIFE SCIENCES<\/div>\n\n<span class=\"e8-32 x-image\" >\n  <img alt=\"PHARMA UND LIFE SCIENCES\" src=\"https:\/\/klemmrae.at\/wp-content\/uploads\/2019\/04\/pharma.jpg\" width=\"858\" height=\"445\" >\n<\/span>\n<\/div>\n\n<div class=\"e8-33 x-column x-sm x-1-2 service-column\" id=\"column-luftfahrt\" >\n    \n<div class=\"e8-34 x-text\" >\n  <h3>03<\/h3><\/div>\n\n<div class=\"e8-35 x-text\" >\n  AVIATION LAW<\/div>\n\n<span class=\"e8-36 x-image\" >\n  <img alt=\"Luftfahrtrecht\" src=\"https:\/\/klemmrae.at\/wp-content\/uploads\/2019\/04\/luftfahrt.jpg\" width=\"854\" height=\"425\" >\n<\/span>\n<\/div>\n<\/div>\n\n<div class=\"e8-37 x-container max width\" >\n    \n<div class=\"e8-38 x-column x-sm x-1-2 service-column\" id=\"column-merger\" >\n    \n<div class=\"e8-39 x-text\" >\n  <h3>04<\/h3><\/div>\n\n<div class=\"e8-40 x-text\" >\n  MERGERS &amp; ACQUISITIONS<\/div>\n\n<span class=\"e8-41 x-image\" >\n  <img alt=\"MERGERS UND ACQUISITIONS\" src=\"https:\/\/klemmrae.at\/wp-content\/uploads\/2019\/04\/mua.jpg\" width=\"861\" height=\"446\" >\n<\/span>\n<\/div>\n\n<div class=\"e8-42 x-column x-sm x-1-2 service-column\" id=\"column-gesellschaft\" >\n    \n<div class=\"e8-43 x-text\" >\n  <h3>05<\/h3><\/div>\n\n<div class=\"e8-44 x-text\" >\n  COMPANY LAW<\/div>\n\n<span class=\"e8-45 x-image\" >\n  <img alt=\"GESELLSCHAFTSRECHT\" src=\"https:\/\/klemmrae.at\/wp-content\/uploads\/2019\/04\/gesellschaftsrecht.jpg\" width=\"855\" height=\"449\" >\n<\/span>\n<\/div>\n<\/div>\n\n<div class=\"e8-46 x-container max width\" >\n    \n<div class=\"e8-47 x-column x-sm x-1-2 service-column\" id=\"column-wirtschaft\" >\n    \n<div class=\"e8-48 x-text\" >\n  <h3>06<\/h3><\/div>\n\n<div class=\"e8-49 x-text translation-block\" >COMMERCIAL AND <br>\nCORPORATE LAW<\/div>\n\n<span class=\"e8-50 x-image\" >\n  <img alt=\"WIRTSCHAFTS- UND UNTERNEHMENSRECHT\" src=\"https:\/\/klemmrae.at\/wp-content\/uploads\/2019\/04\/wirtschaftsundunternehmensrecht.jpg\" width=\"860\" height=\"452\" >\n<\/span>\n<\/div>\n\n<div class=\"e8-51 x-column x-sm x-1-2 service-column\" id=\"column-immobilien\" >\n    \n<div class=\"e8-52 x-text\" >\n  <h3>07<\/h3><\/div>\n\n<div class=\"e8-53 x-text\" >\n  REAL ESTATE LAW<\/div>\n\n<span class=\"e8-54 x-image\" >\n  <img alt=\"IMMOBILIENRECHT\" src=\"https:\/\/klemmrae.at\/wp-content\/uploads\/2019\/04\/immobilienrecht.jpg\" width=\"856\" height=\"453\" >\n<\/span>\n<\/div>\n<\/div>\n\n<div class=\"e8-55 x-container max width\" >\n    \n<div class=\"e8-56 x-column x-sm x-1-2 service-column\" id=\"column-privatstiftung\" >\n    \n<div class=\"e8-57 x-text\" >\n  <h3>08<\/h3><\/div>\n\n<div class=\"e8-58 x-text translation-block\" >PRIVATE FOUNDATIONS AND  <br>ESTATE PLANNING<\/div>\n\n<span class=\"e8-59 x-image\" >\n  <img alt=\"PRIVATSTIFTUNGEN SOWIE NACHLASSPLANUNG\" src=\"https:\/\/klemmrae.at\/wp-content\/uploads\/2019\/04\/privatstiftung.jpg\" width=\"860\" height=\"452\" >\n<\/span>\n<\/div>\n\n<div class=\"e8-60 x-column x-sm x-1-2 service-column\" id=\"column-niederlassung\" >\n    \n<div class=\"e8-61 x-text\" >\n  <h3>09<\/h3><\/div>\n\n<div class=\"e8-62 x-text translation-block\" >RIGHT OF ESTABLISHMENT &amp; <br> CITIZENSHIP LAW<\/div>\n\n<span class=\"e8-63 x-image\" >\n  <img alt=\"NIEDERLASSUNGSRECHT UND STAATSB\u00dcRGERSCHAFTSRECHT\" src=\"https:\/\/klemmrae.at\/wp-content\/uploads\/2019\/04\/niederlassung.jpg\" width=\"854\" height=\"452\" >\n<\/span>\n<\/div>\n<\/div>\n\n<div class=\"e8-64 x-container max width\" >\n    \n<div class=\"e8-65 x-column x-sm x-1-2 service-column\" id=\"column-family\" >\n    \n<div class=\"e8-66 x-text\" >\n  <h3>10<\/h3><\/div>\n\n<div class=\"e8-67 x-text\" >\n  INSOLVENCY LAW<\/div>\n\n<span class=\"e8-68 x-image\" >\n  <img alt=\"FAMILY OFFICE\" src=\"https:\/\/klemmrae.at\/wp-content\/uploads\/2019\/04\/familyoffice.jpg\" width=\"858\" height=\"465\" >\n<\/span>\n<\/div>\n\n<div class=\"e8-69 x-column x-sm x-1-2\" >\n    \n<div class=\"e8-70 x-text margin-auto\" >\n  <h3 class=\" translation-block\">You want to gain more on<br>our main activities?<\/h3><\/div>\n\n<div class=\"e8-71 x-text translation-block\" >Do not hesitate to contact us, we are happy to<br>help at any time.<\/div>\n\n<a class=\"e8-72 x-anchor x-anchor-button custom-btn alternate\" tabindex=\"0\" href=\"https:\/\/klemmrae.at\/en\/kontakt\/\" >\n\n  \n  <div class=\"x-anchor-content\">\n    \n<span class=\"x-graphic\" aria-hidden=\"true\" >\n\n  \n<span class=\"e8-72 x-image x-graphic-image x-graphic-primary\" >\n  <img alt=\"Image\" src=\"https:\/\/klemmrae.at\/wp-content\/uploads\/2019\/04\/arrow_right.png\" width=\"44\" height=\"78\" >\n<\/span>\n\n<\/span>\n    <div class=\"x-anchor-text\"><span class=\"x-anchor-text-primary\" >GET IN TOUCH<\/span><\/div>      <\/div>\n\n    \n  \n<\/a>\n<\/div>\n<\/div>\n  <\/div>\n\n<div class=\"e8-73 x-section tablet-stretch\" id=\"motto\" >\n    \n<div class=\"x-bg\" aria-hidden=\"true\" >\n  <div class=\"x-bg-layer-lower-image\" style=\" background-image: url(https:\/\/klemmrae.at\/wp-content\/uploads\/2019\/04\/fachgebiete_header.jpg); background-repeat: no-repeat; background-position: 50% top; background-size: cover;\" ><\/div>  <div class=\"x-bg-layer-upper-color\" style=\" background-color: rgba(19, 42, 61, 0.5);\" ><\/div><\/div>\n  \n<div class=\"e8-74 x-container max width marginless-columns\" >\n    \n<div class=\"e8-75 x-column x-sm x-1-2\" >\n    &nbsp;<\/div>\n\n<div class=\"e8-76 x-column x-sm x-1-2\" >\n    \n<div class=\"e8-77 x-text\" >\n  <h2 class=\"alternate-headline white\">THE TEAM<\/h2><\/div>\n\n<div class=\"e8-78 x-text motto-row\" >\n  <h2 style=\"color:#ffffff; line-height: 2em\" class=\" translation-block\">competent.<br>\nproactive.<br>\nreliable.<br><\/h2><\/div>\n\n<a class=\"e8-79 x-anchor x-anchor-button custom-btn\" tabindex=\"0\" href=\"https:\/\/klemmrae.at\/en\/team\/\" >\n\n  \n  <div class=\"x-anchor-content\">\n    \n<span class=\"x-graphic\" aria-hidden=\"true\" >\n\n  \n<span class=\"e8-79 x-image x-graphic-image x-graphic-primary\" >\n  <img alt=\"Image\" src=\"https:\/\/klemmrae.at\/wp-content\/uploads\/2019\/04\/arrow_right.png\" width=\"44\" height=\"78\" >\n<\/span>\n\n<\/span>\n    <div class=\"x-anchor-text\"><span class=\"x-anchor-text-primary\" >MEET THE TEAM<\/span><\/div>      <\/div>\n\n    \n  \n<\/a>\n<\/div>\n<\/div>\n  <\/div>\n\n<div class=\"e8-80 x-section tablet-stretch\" id=\"home-contact\" >\n      \n<div class=\"e8-81 x-container max width\" >\n    \n<div class=\"e8-82 x-column x-sm x-1-1\" >\n    \n<div class=\"e8-83 x-text\" >\n  <h2 class=\"alternate-headline\"> CONTACT<\/h3><\/div>\n<\/div>\n<\/div>\n\n<div class=\"e8-84 x-container max width swapcolumns\" >\n    \n<div class=\"e8-85 x-column x-sm x-1-3\" >\n    \n<div class=\"e8-86 x-text\" >\n  <h6 style=\"letter-spacing: 0.2em\"> Koutny & Klemm Rechtsanwalts-GmbH & Co KG <\/h6><\/div>\n\n<div class=\"e8-87 x-text\" >\n  &nbsp;<\/div>\n\n<div class=\"e8-88 x-text\" >\n  <p class=\"p2\"><span class=\"s1\">Wollzeile 17\/22, 1010 Wien<\/span><\/p>\n<p><\/p>\n<p class=\"p2\"><span class=\"s1\">P: +43.1.513 06 06 0<\/span><\/p>\n<p class=\"p2\"><span class=\"s1\">F: +43.1.513 06 06 \u2013 DW 60<\/span><\/p>\n<p class=\"p2\"><span class=\"s1\">M: <a href=\"mailto:office@klemmrae.at\">office@klemmrae.at<\/a><\/span><\/p>\n<p class=\"p2\"><span class=\"s1\">W: www.klemmrae.at<\/span><\/p>\n<p><\/p>\n<p class=\"p2\"><span class=\"s1\">UID Nummer: ATU78866229<\/span><\/p><\/div>\n<\/div>\n\n<div class=\"e8-89 x-column x-sm x-2-3\" >\n    \n<div class=\"e8-90 x-frame x-frame-map-google\" >\n  <div class=\"x-frame-inner\">\n    \n<div class=\"e8-90 x-map x-map-google\" data-x-element=\"map_google\" data-x-params=\"{&quot;lat&quot;:&quot;48.208200&quot;,&quot;lng&quot;:&quot;16.380170&quot;,&quot;drag&quot;:false,&quot;zoom&quot;:true,&quot;zoomLevel&quot;:&quot;16&quot;,&quot;styles&quot;:&quot;\\n[\\n    {\\n        \\&quot;featureType\\&quot;: \\&quot;water\\&quot;,\\n        \\&quot;elementType\\&quot;: \\&quot;geometry\\&quot;,\\n        \\&quot;stylers\\&quot;: [\\n            {\\n                \\&quot;color\\&quot;: \\&quot;#e9e9e9\\&quot;\\n            },\\n            {\\n                \\&quot;lightness\\&quot;: 17\\n            }\\n        ]\\n    },\\n    {\\n        \\&quot;featureType\\&quot;: \\&quot;landscape\\&quot;,\\n        \\&quot;elementType\\&quot;: \\&quot;geometry\\&quot;,\\n        \\&quot;stylers\\&quot;: [\\n            {\\n                \\&quot;color\\&quot;: \\&quot;#f5f5f5\\&quot;\\n            },\\n            {\\n                \\&quot;lightness\\&quot;: 20\\n            }\\n        ]\\n    },\\n    {\\n        \\&quot;featureType\\&quot;: \\&quot;road.highway\\&quot;,\\n        \\&quot;elementType\\&quot;: \\&quot;geometry.fill\\&quot;,\\n        \\&quot;stylers\\&quot;: [\\n            {\\n                \\&quot;color\\&quot;: \\&quot;#ffffff\\&quot;\\n            },\\n            {\\n                \\&quot;lightness\\&quot;: 17\\n            }\\n        ]\\n    },\\n    {\\n        \\&quot;featureType\\&quot;: \\&quot;road.highway\\&quot;,\\n        \\&quot;elementType\\&quot;: \\&quot;geometry.stroke\\&quot;,\\n        \\&quot;stylers\\&quot;: [\\n            {\\n                \\&quot;color\\&quot;: \\&quot;#ffffff\\&quot;\\n            },\\n            {\\n                \\&quot;lightness\\&quot;: 29\\n            },\\n            {\\n                \\&quot;weight\\&quot;: 0.2\\n            }\\n        ]\\n    },\\n    {\\n        \\&quot;featureType\\&quot;: \\&quot;road.arterial\\&quot;,\\n        \\&quot;elementType\\&quot;: \\&quot;geometry\\&quot;,\\n        \\&quot;stylers\\&quot;: [\\n            {\\n                \\&quot;color\\&quot;: \\&quot;#ffffff\\&quot;\\n            },\\n            {\\n                \\&quot;lightness\\&quot;: 18\\n            }\\n        ]\\n    },\\n    {\\n        \\&quot;featureType\\&quot;: \\&quot;road.local\\&quot;,\\n        \\&quot;elementType\\&quot;: \\&quot;geometry\\&quot;,\\n        \\&quot;stylers\\&quot;: [\\n            {\\n                \\&quot;color\\&quot;: \\&quot;#ffffff\\&quot;\\n            },\\n            {\\n                \\&quot;lightness\\&quot;: 16\\n            }\\n        ]\\n    },\\n    {\\n        \\&quot;featureType\\&quot;: \\&quot;poi\\&quot;,\\n        \\&quot;elementType\\&quot;: \\&quot;geometry\\&quot;,\\n        \\&quot;stylers\\&quot;: [\\n            {\\n                \\&quot;color\\&quot;: \\&quot;#f5f5f5\\&quot;\\n            },\\n            {\\n                \\&quot;lightness\\&quot;: 21\\n            }\\n        ]\\n    },\\n    {\\n        \\&quot;featureType\\&quot;: \\&quot;poi.park\\&quot;,\\n        \\&quot;elementType\\&quot;: \\&quot;geometry\\&quot;,\\n        \\&quot;stylers\\&quot;: [\\n            {\\n                \\&quot;color\\&quot;: \\&quot;#dedede\\&quot;\\n            },\\n            {\\n                \\&quot;lightness\\&quot;: 21\\n            }\\n        ]\\n    },\\n    {\\n        \\&quot;elementType\\&quot;: \\&quot;labels.text.stroke\\&quot;,\\n        \\&quot;stylers\\&quot;: [\\n            {\\n                \\&quot;visibility\\&quot;: \\&quot;on\\&quot;\\n            },\\n            {\\n                \\&quot;color\\&quot;: \\&quot;#ffffff\\&quot;\\n            },\\n            {\\n                \\&quot;lightness\\&quot;: 16\\n            }\\n        ]\\n    },\\n    {\\n        \\&quot;elementType\\&quot;: \\&quot;labels.text.fill\\&quot;,\\n        \\&quot;stylers\\&quot;: [\\n            {\\n                \\&quot;saturation\\&quot;: 36\\n            },\\n            {\\n                \\&quot;color\\&quot;: \\&quot;#333333\\&quot;\\n            },\\n            {\\n                \\&quot;lightness\\&quot;: 40\\n            }\\n        ]\\n    },\\n    {\\n        \\&quot;elementType\\&quot;: \\&quot;labels.icon\\&quot;,\\n        \\&quot;stylers\\&quot;: [\\n            {\\n                \\&quot;visibility\\&quot;: \\&quot;off\\&quot;\\n            }\\n        ]\\n    },\\n    {\\n        \\&quot;featureType\\&quot;: \\&quot;transit\\&quot;,\\n        \\&quot;elementType\\&quot;: \\&quot;geometry\\&quot;,\\n        \\&quot;stylers\\&quot;: [\\n            {\\n                \\&quot;color\\&quot;: \\&quot;#f2f2f2\\&quot;\\n            },\\n            {\\n                \\&quot;lightness\\&quot;: 19\\n            }\\n        ]\\n    },\\n    {\\n        \\&quot;featureType\\&quot;: \\&quot;administrative\\&quot;,\\n        \\&quot;elementType\\&quot;: \\&quot;geometry.fill\\&quot;,\\n        \\&quot;stylers\\&quot;: [\\n            {\\n                \\&quot;color\\&quot;: \\&quot;#fefefe\\&quot;\\n            },\\n            {\\n                \\&quot;lightness\\&quot;: 20\\n            }\\n        ]\\n    },\\n    {\\n        \\&quot;featureType\\&quot;: \\&quot;administrative\\&quot;,\\n        \\&quot;elementType\\&quot;: \\&quot;geometry.stroke\\&quot;,\\n        \\&quot;stylers\\&quot;: [\\n            {\\n                \\&quot;color\\&quot;: \\&quot;#fefefe\\&quot;\\n            },\\n            {\\n                \\&quot;lightness\\&quot;: 17\\n            },\\n            {\\n                \\&quot;weight\\&quot;: 1.2\\n            }\\n        ]\\n    }\\n]&quot;}\" >\n  \n<div style=\"position: absolute; visibility: hidden;\" data-x-element=\"map_google_marker\" data-x-params=\"{&quot;lat&quot;:&quot;48.208200&quot;,&quot;lng&quot;:&quot;16.380170&quot;,&quot;content&quot;:&quot;Klemm Rechtsanwalts-GmbH&quot;,&quot;contentStart&quot;:&quot;closed&quot;,&quot;imageSrc&quot;:&quot;https:\\\/\\\/klemmrae.at\\\/wp-content\\\/uploads\\\/2019\\\/04\\\/map_pin-e1556541133482.png&quot;,&quot;imageWidth&quot;:104,&quot;imageHeight&quot;:146,&quot;imageRetina&quot;:true,&quot;imageOffsetX&quot;:&quot;0%&quot;,&quot;imageOffsetY&quot;:&quot;-50%&quot;}\" ><\/div>\n<\/div>\n  <\/div>\n<\/div>\n<\/div>\n<\/div>\n  <\/div>\n<\/div>","protected":false},"excerpt":{"rendered":"<p>Ihre Kanzlei f&uuml;r Wirtschafts-&nbsp;und Unternehmensrecht mitKanzleisitz in Wien. ZU UNSEREN FACHGEBIETEN \u00dcBER UNS Seit \u00fcber 25 Jahren stehen wir f\u00fcr hohe Qualit\u00e4t an rechtlicher Beratung und Vertretung sowie weiteren Dienstleistungen im Interesse unserer Klienten. &nbsp; WOF\u00dcR WIR STEHEN UNSERE KLIENTEN &nbsp; FACHGEBIETE Wir beraten und vertreten in einem bunten Spektrum des Wirtschafts- und Unternehmensrechts. Zu unseren T\u00e4tigkeitsschwerpunkten z\u00e4hlen: 01 Gesundheitswesen &#8230; <\/p>\n<div><a href=\"https:\/\/klemmrae.at\/en\/\" class=\"more-link\">Read More<\/a><\/div>","protected":false},"author":1,"featured_media":352,"parent":0,"menu_order":0,"comment_status":"closed","ping_status":"closed","template":"template-blank-4.php","meta":[],"acf":[],"yoast_head":"<!-- This site is optimized with the Yoast SEO plugin v18.5.1 - https:\/\/yoast.com\/wordpress\/plugins\/seo\/ -->\n<title>Koutny &amp; Klemm Rechtsanwalts-GmbH &amp; Co KG<\/title>\n<meta name=\"description\" content=\"Mit Kanzleisitz in Wien betreuen wir Sie im Bereich Wirtschaft, Unternehmehmen, Immobilien, Luftfahrt, Family Offices, Gesundheitswesen und noch vieles mehr\" \/>\n<meta name=\"robots\" content=\"index, follow, max-snippet:-1, max-image-preview:large, max-video-preview:-1\" \/>\n<link rel=\"canonical\" href=\"https:\/\/klemmrae.at\/en\/\" \/>\n<meta property=\"og:locale\" content=\"en_GB\" \/>\n<meta property=\"og:type\" content=\"article\" \/>\n<meta property=\"og:title\" content=\"Klemm Rechtsanwalts-GmbH\" \/>\n<meta property=\"og:description\" content=\"Ihre Kanzlei f\u00fcr Wirtschafts- und Unternehmensrecht mit Kanzleisitz in Wien.\" \/>\n<meta property=\"og:url\" content=\"https:\/\/klemmrae.at\/en\/\" \/>\n<meta property=\"og:site_name\" content=\"Klemm &amp; Koutny\" \/>\n<meta property=\"article:modified_time\" content=\"2026-01-22T12:29:15+00:00\" \/>\n<meta property=\"og:image\" content=\"https:\/\/klemmrae.at\/wp-content\/uploads\/2023\/06\/FaviconKlemm.png\" \/>\n\t<meta property=\"og:image:width\" content=\"512\" \/>\n\t<meta property=\"og:image:height\" content=\"512\" \/>\n\t<meta property=\"og:image:type\" content=\"image\/png\" \/>\n<meta name=\"twitter:card\" content=\"summary_large_image\" \/>\n<meta name=\"twitter:title\" content=\"Klemm Rechtsanwalts-GmbH\" \/>\n<meta name=\"twitter:description\" content=\"Ihre Kanzlei f\u00fcr Wirtschafts- und Unternehmensrecht mit Kanzleisitz in Wien.\" \/>\n<meta name=\"twitter:image\" content=\"https:\/\/klemmrae.at\/wp-content\/uploads\/2023\/06\/FaviconKlemm.png\" \/>\n<meta name=\"twitter:label1\" content=\"Estimated reading time\" \/>\n\t<meta name=\"twitter:data1\" content=\"5 minutes\" \/>\n<script type=\"application\/ld+json\" class=\"yoast-schema-graph\">{\"@context\":\"https:\/\/schema.org\",\"@graph\":[{\"@type\":\"WebSite\",\"@id\":\"https:\/\/klemmrae.at\/#website\",\"url\":\"https:\/\/klemmrae.at\/\",\"name\":\"Klemm &amp; Koutny\",\"description\":\"mit uns haben Sie Recht\",\"potentialAction\":[{\"@type\":\"SearchAction\",\"target\":{\"@type\":\"EntryPoint\",\"urlTemplate\":\"https:\/\/klemmrae.at\/?s={search_term_string}\"},\"query-input\":\"required name=search_term_string\"}],\"inLanguage\":\"en-GB\"},{\"@type\":\"ImageObject\",\"@id\":\"https:\/\/klemmrae.at\/#primaryimage\",\"inLanguage\":\"en-GB\",\"url\":\"https:\/\/klemmrae.at\/wp-content\/uploads\/2023\/06\/FaviconKlemm.png\",\"contentUrl\":\"https:\/\/klemmrae.at\/wp-content\/uploads\/2023\/06\/FaviconKlemm.png\",\"width\":512,\"height\":512},{\"@type\":\"WebPage\",\"@id\":\"https:\/\/klemmrae.at\/#webpage\",\"url\":\"https:\/\/klemmrae.at\/\",\"name\":\"Koutny & Klemm Rechtsanwalts-GmbH & Co KG\",\"isPartOf\":{\"@id\":\"https:\/\/klemmrae.at\/#website\"},\"primaryImageOfPage\":{\"@id\":\"https:\/\/klemmrae.at\/#primaryimage\"},\"datePublished\":\"2018-10-16T11:39:28+00:00\",\"dateModified\":\"2026-01-22T12:29:15+00:00\",\"description\":\"Mit Kanzleisitz in Wien betreuen wir Sie im Bereich Wirtschaft, Unternehmehmen, Immobilien, Luftfahrt, Family Offices, Gesundheitswesen und noch vieles mehr\",\"breadcrumb\":{\"@id\":\"https:\/\/klemmrae.at\/#breadcrumb\"},\"inLanguage\":\"en-GB\",\"potentialAction\":[{\"@type\":\"ReadAction\",\"target\":[\"https:\/\/klemmrae.at\/\"]}]},{\"@type\":\"BreadcrumbList\",\"@id\":\"https:\/\/klemmrae.at\/#breadcrumb\",\"itemListElement\":[{\"@type\":\"ListItem\",\"position\":1,\"name\":\"Startseite\",\"item\":\"https:\/\/klemmrae.at\/\"},{\"@type\":\"ListItem\",\"position\":2,\"name\":\"Home\"}]}]}<\/script>\n<!-- \/ Yoast SEO plugin. -->","yoast_head_json":{"title":"Koutny & Klemm Rechtsanwalts-GmbH & Co KG","description":"Mit Kanzleisitz in Wien betreuen wir Sie im Bereich Wirtschaft, Unternehmehmen, Immobilien, Luftfahrt, Family Offices, Gesundheitswesen und noch vieles mehr","robots":{"index":"index","follow":"follow","max-snippet":"max-snippet:-1","max-image-preview":"max-image-preview:large","max-video-preview":"max-video-preview:-1"},"canonical":"https:\/\/klemmrae.at\/en\/","og_locale":"en_GB","og_type":"article","og_title":"Klemm Rechtsanwalts-GmbH","og_description":"Ihre Kanzlei f\u00fcr Wirtschafts- und Unternehmensrecht mit Kanzleisitz in Wien.","og_url":"https:\/\/klemmrae.at\/en\/","og_site_name":"Klemm &amp; Koutny","article_modified_time":"2026-01-22T12:29:15+00:00","og_image":[{"width":512,"height":512,"url":"https:\/\/klemmrae.at\/wp-content\/uploads\/2023\/06\/FaviconKlemm.png","type":"image\/png"}],"twitter_card":"summary_large_image","twitter_title":"Klemm Rechtsanwalts-GmbH","twitter_description":"Ihre Kanzlei f\u00fcr Wirtschafts- und Unternehmensrecht mit Kanzleisitz in Wien.","twitter_image":"https:\/\/klemmrae.at\/wp-content\/uploads\/2023\/06\/FaviconKlemm.png","twitter_misc":{"Estimated reading time":"5 minutes"},"schema":{"@context":"https:\/\/schema.org","@graph":[{"@type":"WebSite","@id":"https:\/\/klemmrae.at\/#website","url":"https:\/\/klemmrae.at\/","name":"Klemm &amp; Koutny","description":"mit uns haben Sie Recht","potentialAction":[{"@type":"SearchAction","target":{"@type":"EntryPoint","urlTemplate":"https:\/\/klemmrae.at\/?s={search_term_string}"},"query-input":"required name=search_term_string"}],"inLanguage":"en-GB"},{"@type":"ImageObject","@id":"https:\/\/klemmrae.at\/#primaryimage","inLanguage":"en-GB","url":"https:\/\/klemmrae.at\/wp-content\/uploads\/2023\/06\/FaviconKlemm.png","contentUrl":"https:\/\/klemmrae.at\/wp-content\/uploads\/2023\/06\/FaviconKlemm.png","width":512,"height":512},{"@type":"WebPage","@id":"https:\/\/klemmrae.at\/#webpage","url":"https:\/\/klemmrae.at\/","name":"Koutny & Klemm Rechtsanwalts-GmbH & Co KG","isPartOf":{"@id":"https:\/\/klemmrae.at\/#website"},"primaryImageOfPage":{"@id":"https:\/\/klemmrae.at\/#primaryimage"},"datePublished":"2018-10-16T11:39:28+00:00","dateModified":"2026-01-22T12:29:15+00:00","description":"Mit Kanzleisitz in Wien betreuen wir Sie im Bereich Wirtschaft, Unternehmehmen, Immobilien, Luftfahrt, Family Offices, Gesundheitswesen und noch vieles mehr","breadcrumb":{"@id":"https:\/\/klemmrae.at\/#breadcrumb"},"inLanguage":"en-GB","potentialAction":[{"@type":"ReadAction","target":["https:\/\/klemmrae.at\/"]}]},{"@type":"BreadcrumbList","@id":"https:\/\/klemmrae.at\/#breadcrumb","itemListElement":[{"@type":"ListItem","position":1,"name":"Startseite","item":"https:\/\/klemmrae.at\/"},{"@type":"ListItem","position":2,"name":"Home"}]}]}},"_links":{"self":[{"href":"https:\/\/klemmrae.at\/en\/wp-json\/wp\/v2\/pages\/8"}],"collection":[{"href":"https:\/\/klemmrae.at\/en\/wp-json\/wp\/v2\/pages"}],"about":[{"href":"https:\/\/klemmrae.at\/en\/wp-json\/wp\/v2\/types\/page"}],"author":[{"embeddable":true,"href":"https:\/\/klemmrae.at\/en\/wp-json\/wp\/v2\/users\/1"}],"replies":[{"embeddable":true,"href":"https:\/\/klemmrae.at\/en\/wp-json\/wp\/v2\/comments?post=8"}],"version-history":[{"count":25,"href":"https:\/\/klemmrae.at\/en\/wp-json\/wp\/v2\/pages\/8\/revisions"}],"predecessor-version":[{"id":514,"href":"https:\/\/klemmrae.at\/en\/wp-json\/wp\/v2\/pages\/8\/revisions\/514"}],"wp:featuredmedia":[{"embeddable":true,"href":"https:\/\/klemmrae.at\/en\/wp-json\/wp\/v2\/media\/352"}],"wp:attachment":[{"href":"https:\/\/klemmrae.at\/en\/wp-json\/wp\/v2\/media?parent=8"}],"curies":[{"name":"wp","href":"https:\/\/api.w.org\/{rel}","templated":true}]}}